{"id":1105,"date":"2015-03-31T17:10:54","date_gmt":"2015-03-31T15:10:54","guid":{"rendered":"http:\/\/www.pflegestufe.com\/pflege\/?page_id=1105"},"modified":"2016-12-15T13:39:14","modified_gmt":"2016-12-15T11:39:14","slug":"ihre-hoeherstufung-pflegestufe-wurde-abgelehnt","status":"publish","type":"page","link":"https:\/\/www.pflegestufe.com\/pflege\/ihre-hoeherstufung-pflegestufe-wurde-abgelehnt\/","title":{"rendered":"Ihre H\u00f6herstufung (Pflegestufe) wurde abgelehnt?"},"content":{"rendered":"<p><div class=\"fusion-fullwidth fullwidth-box fusion-builder-row-1 nonhundred-percent-fullwidth non-hundred-percent-height-scrolling\" style=\"--awb-background-position:left top;--awb-border-radius-top-left:0px;--awb-border-radius-top-right:0px;--awb-border-radius-bottom-right:0px;--awb-border-radius-bottom-left:0px;--awb-padding-top:20px;--awb-padding-right:0px;--awb-padding-bottom:20px;--awb-padding-left:0px;--awb-border-sizes-top:0px;--awb-border-sizes-bottom:0px;--awb-flex-wrap:wrap;\" ><div class=\"fusion-builder-row fusion-row\"><div class=\"fusion-layout-column fusion_builder_column fusion-builder-column-0 fusion_builder_column_1_2 1_2 fusion-one-half fusion-column-first\" style=\"--awb-bg-size:cover;width:48%; margin-right: 4%;\"><div class=\"fusion-column-wrapper fusion-flex-column-wrapper-legacy\"><div class=\"fusion-title title fusion-title-1 fusion-title-text fusion-title-size-one\" style=\"--awb-margin-top-small:10px;--awb-margin-right-small:0px;--awb-margin-bottom-small:10px;--awb-margin-left-small:0px;\"><h1 class=\"fusion-title-heading title-heading-left\" style=\"margin:0;\">Pflegekassen lehnen H\u00f6herstufungsantr\u00e4ge immer ab<\/h1><span class=\"awb-title-spacer\"><\/span><div class=\"title-sep-container\"><div class=\"title-sep sep-single sep-solid\" style=\"border-color:#e0dede;\"><\/div><\/div><\/div><div class=\"fusion-text fusion-text-1\"><p>Viele Menschen sind der Meinung, dass die Pflegekassen den Medizinischen Dienst der Krankenkassen (MDK) ganz eindeutig anweisen, zun\u00e4chst alle Pflegegutachten zu H\u00f6herstufungsantr\u00e4gen\u00a0abzulehnen.<\/p>\n<p>Pauschal k\u00f6nnen wir dies nicht best\u00e4tigen, obwohl es auch den Pflegesachverst\u00e4ndigen (w\/m) im bundesweiten Pflegenetzwerk h\u00e4ufig so vorkommt. Anders sind einige Pflegegutachten f\u00fcr einen erfahrenen Fachmann (w\/m) kaum zu erkl\u00e4ren.<\/p>\n<p>Auch das Verh\u00e4ltnis zwischen Pflegekassen und MDK (n\u00e4mlich Auftraggeber und Auftragnehmer) macht eine solche Anweisung grunds\u00e4tzlich m\u00f6glich. Da die Pflege- und Krankenkassen, genauer der GKV, im Grunde die einzigen Auftraggeber vom MDK sind und diese auch bezahlen und finanzieren, ist eine neutrale Arbeit kaum m\u00f6glich.<\/p>\n<\/div><div class=\"fusion-clearfix\"><\/div><\/div><\/div><div class=\"fusion-layout-column fusion_builder_column fusion-builder-column-1 fusion_builder_column_1_2 1_2 fusion-one-half fusion-column-last\" style=\"--awb-bg-size:cover;width:48%;\"><div class=\"fusion-column-wrapper fusion-flex-column-wrapper-legacy\"><div class=\"fusion-title title fusion-title-2 fusion-title-text fusion-title-size-one\" style=\"--awb-margin-top-small:10px;--awb-margin-right-small:0px;--awb-margin-bottom-small:10px;--awb-margin-left-small:0px;\"><h1 class=\"fusion-title-heading title-heading-left\" style=\"margin:0;\">Bestehende Pflegestufe weg, statt H\u00f6herstufung<\/h1><span class=\"awb-title-spacer\"><\/span><div class=\"title-sep-container\"><div class=\"title-sep sep-single sep-solid\" style=\"border-color:#e0dede;\"><\/div><\/div><\/div><div class=\"fusion-text fusion-text-2\"><p>In der Praxis kommt dies gl\u00fccklicherweise nicht h\u00e4ufig vor und dieser Gedanke sollte auch niemals ein Grund sein, einen notwendig gewordenen H\u00f6herstufungsantrag nicht zu stellen!<\/p>\n<p>Allerdings kommt es bei der t\u00e4glichen Arbeit\u00a0der Pflegesachverst\u00e4ndigen im bundesweiten Pflegenetzwerk von Zeit-zu Zeit vor, dass es nicht zu einer H\u00f6herstufung der Pflegestufe, sondern zu einer Reduzierung der bestehenden Pflegestufe kommt.<\/p>\n<p>Es spielt keine Rolle auf welche Weise\u00a0die H\u00f6herstufung\u00a0einer Pflegestufe abgelehnt wurde. Es ist einzig und allein entscheidend, ob diese Ablehnung der Pflegestufe Richtlinien- und Gesetzeskonform begr\u00fcndet ist.<\/p>\n<p>Dann w\u00e4re alles in Ordnung und der Fremdhilfebedarf, ist in einem solchen Fall der Pflegebed\u00fcrftigkeit, gem\u00e4\u00df der definierten Regeln einfach nicht hoch genug. Einmal v\u00f6llig abgesehen davon, ob diese Regeln sich mit dem pers\u00f6nlichen Lebensumfeld vereinbaren lassen und ob diese Regeln zeitgem\u00e4\u00df sind.<\/p>\n<\/div><div class=\"fusion-clearfix\"><\/div><\/div><\/div><\/div><\/div><div class=\"fusion-fullwidth fullwidth-box fusion-builder-row-2 nonhundred-percent-fullwidth non-hundred-percent-height-scrolling\" style=\"--awb-background-position:left top;--awb-border-radius-top-left:0px;--awb-border-radius-top-right:0px;--awb-border-radius-bottom-right:0px;--awb-border-radius-bottom-left:0px;--awb-padding-top:20px;--awb-padding-right:0px;--awb-padding-bottom:20px;--awb-padding-left:0px;--awb-border-sizes-top:0px;--awb-border-sizes-bottom:0px;--awb-flex-wrap:wrap;\" ><div class=\"fusion-builder-row fusion-row\"><div class=\"fusion-layout-column fusion_builder_column fusion-builder-column-2 fusion_builder_column_1_2 1_2 fusion-one-half fusion-column-first\" style=\"--awb-bg-size:cover;width:48%; margin-right: 4%;\"><div class=\"fusion-column-wrapper fusion-flex-column-wrapper-legacy\"><div class=\"fusion-title title fusion-title-3 fusion-title-text fusion-title-size-one\" style=\"--awb-margin-top-small:10px;--awb-margin-right-small:0px;--awb-margin-bottom-small:10px;--awb-margin-left-small:0px;\"><h1 class=\"fusion-title-heading title-heading-left\" style=\"margin:0;\">Fast 75 Prozent aller ablehnenden Bescheide sind falsch<\/h1><span class=\"awb-title-spacer\"><\/span><div class=\"title-sep-container\"><div class=\"title-sep sep-single sep-solid\" style=\"border-color:#e0dede;\"><\/div><\/div><\/div><div class=\"fusion-text fusion-text-3\"><p>Tatsache ist- und bleibt, dass die Pflegesachverst\u00e4ndigen des bundesweiten Pflegenetzwerkes in \u00fcber 70% aller F\u00e4lle, nach Pr\u00fcfung und Bewertung der Pflegegutachten aus H\u00f6herstufungsbegutachtungen, feststellen m\u00fcssen das die daraus resultierenden Bescheide falsch sind.<\/p>\n<p>Mit anderen Worten:<\/p>\n<p><strong>In \u00fcber 70% aller ablehnenden Bescheide, in denen es um eine H\u00f6herstufung geht, h\u00e4tte es eine H\u00f6herstufung der Pflegestufe ergeben m\u00fcssen.<\/strong><\/p>\n<p>Damit lohnt sich ein Widerspruchsverfahren in jedem Fall. Die Pflegesachverst\u00e4ndigen im bundesweiten Pflegenetzwerk sind in ca. 90% aller Widerspruchsverfahren mit der ausf\u00fchrlichen und fachlichen Widerspruchsbegr\u00fcndung erfolgreich. Z\u00f6gern Sie nicht zu lange und lassen Sie sich am\u00a0<a class=\"fusion-modal-text-link\" data-toggle=\"modal\" data-target=\".fusion-modal.pflegetelefon1\" href=\"#\">bundesweiten Pflegetelefon<\/a> beraten.<\/p>\n<\/div><div class=\"fusion-clearfix\"><\/div><\/div><\/div><div class=\"fusion-layout-column fusion_builder_column fusion-builder-column-3 fusion_builder_column_1_2 1_2 fusion-one-half fusion-column-last\" style=\"--awb-bg-size:cover;width:48%;\"><div class=\"fusion-column-wrapper fusion-flex-column-wrapper-legacy\"><div class=\"fusion-title title fusion-title-4 fusion-title-text fusion-title-size-one\" style=\"--awb-margin-top-small:10px;--awb-margin-right-small:0px;--awb-margin-bottom-small:10px;--awb-margin-left-small:0px;\"><h1 class=\"fusion-title-heading title-heading-left\" style=\"margin:0;\">Neutrale Pflegeberatung<\/h1><span class=\"awb-title-spacer\"><\/span><div class=\"title-sep-container\"><div class=\"title-sep sep-single sep-solid\" style=\"border-color:#e0dede;\"><\/div><\/div><\/div><div class=\"fusion-text fusion-text-4\"><p>F\u00fcllen Sie dazu einfach das nachfolgende Formular aus und nennen Sie uns Ihren Wunschtermin. Die telefonische Pflegeberatung erfolgt schnell, kompetent und ist kostenlos. Nach einer solchen Erstberatung wissen Sie was zu tun ist, erhalten alle notwendigen Informationen und Dokumente schriftlich, um gem\u00e4\u00df SGB X keine gesetzlichen Fristen zu vers\u00e4umen.<\/p>\n<p>Die Aussichten mit einem Widerspruch erfolgreich eine Pflegestufe zu erreichen liegen statistisch nur bei 34 Prozent.<\/p>\n<p><strong>Unsere unabh\u00e4ngigen Pflegesachverst\u00e4ndigen sind zu \u00fcber 90 Prozent erfolgreich!<\/strong><\/p>\n<p>Lassen Sie sich also keine <a class=\"fusion-modal-text-link\" data-toggle=\"modal\" data-target=\".fusion-modal.leistungen_pflegestufe\" href=\"#\">Leistungen<\/a>\u00a0entgehen und nehmen Sie gern unsere Unterst\u00fctzung in Anspruch.<\/p>\n<\/div><div class=\"fusion-clearfix\"><\/div><\/div><\/div><\/div><\/div><div class=\"fusion-fullwidth fullwidth-box fusion-builder-row-3 nonhundred-percent-fullwidth non-hundred-percent-height-scrolling\" style=\"--awb-background-position:left top;--awb-border-radius-top-left:0px;--awb-border-radius-top-right:0px;--awb-border-radius-bottom-right:0px;--awb-border-radius-bottom-left:0px;--awb-padding-top:20px;--awb-padding-right:0px;--awb-padding-bottom:20px;--awb-padding-left:0px;--awb-border-sizes-top:0px;--awb-border-sizes-bottom:0px;--awb-flex-wrap:wrap;\" ><div class=\"fusion-builder-row fusion-row\"><div class=\"fusion-layout-column fusion_builder_column fusion-builder-column-4 fusion_builder_column_1_2 1_2 fusion-one-half fusion-column-first\" style=\"--awb-bg-size:cover;width:48%; margin-right: 4%;\"><div class=\"fusion-column-wrapper fusion-flex-column-wrapper-legacy\"><div class=\"fusion-text fusion-text-5\"><p>[contact-form-7 id=&#8221;1028&#8243; title=&#8221;Widerspruch&#8221;]<\/p>\n<\/div><div class=\"fusion-clearfix\"><\/div><\/div><\/div><div class=\"fusion-layout-column fusion_builder_column fusion-builder-column-5 fusion_builder_column_1_2 1_2 fusion-one-half fusion-column-last\" style=\"--awb-bg-size:cover;width:48%;\"><div class=\"fusion-column-wrapper fusion-flex-column-wrapper-legacy\"><div class=\"fusion-text fusion-text-6\"><p><strong>Ihre Pflegestufe wurde abgelehnt oder Ihr Widerspruch zur Pflegestufe wurde abgelehnt und Sie ben\u00f6tigen Unterst\u00fctzung?<\/strong><\/p>\n<p><em>F\u00fcllen Sie einfach Anfrageformular aus und Sie erhalten unverbindlich und kostenlos eine\u00a0pflegefachliche Beratung\u00a0durch unsere unabh\u00e4ngigen Pflegeexperten.<\/em><\/p>\n<\/div><div class=\"fusion-text fusion-text-7\"><h3>Datenschutz<\/h3>\n<p>Wir nehmen den Schutz Ihrer Privatsph\u00e4re sehr ernst. Ihre gemachten Angaben werden ausschlie\u00dflich zur Bearbeitung Ihrer Anfrage verwendet. Auf keinen Fall werden Ihre Daten au\u00dferhalb der Beratungsleistung an Dritte weitergegeben. N\u00e4here Hinweise finden Sie in unserer <a title=\"Datenschutz\" href=\"https:\/\/www.pflegestufe.com\/pflege\/datenschutz\/\" target=\"_blank\">Datenschutzerkl\u00e4rung<\/a>.<\/p>\n<\/div><div class=\"fusion-clearfix\"><\/div><\/div><\/div><\/div><\/div><div class=\"fusion-fullwidth fullwidth-box fusion-builder-row-4 hundred-percent-fullwidth non-hundred-percent-height-scrolling\" style=\"--awb-border-radius-top-left:0px;--awb-border-radius-top-right:0px;--awb-border-radius-bottom-right:0px;--awb-border-radius-bottom-left:0px;--awb-overflow:visible;--awb-flex-wrap:wrap;\" ><div class=\"fusion-builder-row fusion-row\"><div class=\"fusion-layout-column fusion_builder_column fusion-builder-column-6 fusion_builder_column_1_1 1_1 fusion-one-full fusion-column-first fusion-column-last fusion-column-no-min-height\" style=\"--awb-bg-size:cover;--awb-margin-bottom:0px;\"><div class=\"fusion-column-wrapper fusion-flex-column-wrapper-legacy\"><div class=\"fusion-modal modal fade modal-1 leistungen_pflegestufe\" tabindex=\"-1\" role=\"dialog\" aria-labelledby=\"modal-heading-1\" aria-hidden=\"true\" style=\"--awb-border-color:#ebebeb;--awb-background:#f6f6f6;\"><div class=\"modal-dialog modal-sm\" role=\"document\"><div class=\"modal-content fusion-modal-content\"><div class=\"modal-header\"><button class=\"close\" type=\"button\" data-dismiss=\"modal\" aria-hidden=\"true\" aria-label=\"Close\">&times;<\/button><h3 class=\"modal-title\" id=\"modal-heading-1\" data-dismiss=\"modal\" aria-hidden=\"true\">Leistungen je Pflegestufe<\/h3><\/div><div class=\"modal-body fusion-clearfix\">\n<div class=\"table-1\">\n<table width=\"100%\">\n<thead>\n<tr>\n<th align=\"left\">Erreichte Pflegestufe<\/th>\n<th style=\"text-align: center;\" align=\"left\">Pflegestufe 0<\/th>\n<th style=\"text-align: center;\" align=\"left\">Pflegestufe I<\/th>\n<th style=\"text-align: center;\" align=\"left\">Pflegestufe II<\/th>\n<th style=\"text-align: center;\" align=\"left\">Pflegestufe III<\/th>\n<\/tr>\n<\/thead>\n<tbody>\n<tr>\n<td>Monatliches Pflegegeld<\/td>\n<td style=\"text-align: right;\">123 EUR<\/td>\n<td style=\"text-align: right;\">316 EUR<\/td>\n<td style=\"text-align: right;\">545 EUR<\/td>\n<td style=\"text-align: right;\">728 EUR<\/td>\n<\/tr>\n<tr>\n<td>J\u00e4hrliche Verhinderungspflege (bis zu)<\/td>\n<td style=\"text-align: right;\">2.418 EUR<\/td>\n<td style=\"text-align: right;\">2.418 EUR<\/td>\n<td style=\"text-align: right;\">2.418 EUR<\/td>\n<td style=\"text-align: right;\">2.418 EUR<\/td>\n<\/tr>\n<tr>\n<td><strong>Gesamtanspruch pro Jahr<\/strong><\/td>\n<td style=\"text-align: right;\"><span style=\"text-decoration: underline;\"><strong>3.894 EUR<\/strong><\/span><\/td>\n<td style=\"text-align: right;\"><span style=\"text-decoration: underline;\"><strong>6.210 EUR<\/strong><\/span><\/td>\n<td style=\"text-align: right;\"><span style=\"text-decoration: underline;\"><strong>8.958 EUR<\/strong><\/span><\/td>\n<td style=\"text-align: right;\"><span style=\"text-decoration: underline;\"><strong>11.154 EUR<\/strong><\/span><\/td>\n<\/tr>\n<\/tbody>\n<\/table>\n<\/div>\n<\/div><div class=\"modal-footer\"><button class=\"fusion-button button-default button-medium button default medium\" type=\"button\" data-dismiss=\"modal\">Close<\/button><\/div><\/div><\/div><\/div><div class=\"fusion-clearfix\"><\/div><\/div><\/div><div class=\"fusion-layout-column fusion_builder_column fusion-builder-column-7 fusion_builder_column_1_1 1_1 fusion-one-full fusion-column-first fusion-column-last fusion-column-no-min-height\" style=\"--awb-bg-size:cover;--awb-margin-bottom:0px;\"><div class=\"fusion-column-wrapper fusion-flex-column-wrapper-legacy\"><div class=\"fusion-modal modal fade modal-2 pflegetelefon1\" tabindex=\"-1\" role=\"dialog\" aria-labelledby=\"modal-heading-2\" aria-hidden=\"true\" style=\"--awb-border-color:#ebebeb;--awb-background:#f6f6f6;\"><div class=\"modal-dialog modal-sm\" role=\"document\"><div class=\"modal-content fusion-modal-content\"><div class=\"modal-header\"><button class=\"close\" type=\"button\" data-dismiss=\"modal\" aria-hidden=\"true\" aria-label=\"Close\">&times;<\/button><h3 class=\"modal-title\" id=\"modal-heading-2\" data-dismiss=\"modal\" aria-hidden=\"true\">Bundesweites Pflegetelefon<\/h3><\/div><div class=\"modal-body fusion-clearfix\"><div class=\"fusion-image-element fusion-image-align-center in-legacy-container\" style=\"text-align:center;--awb-caption-title-font-family:var(--h2_typography-font-family);--awb-caption-title-font-weight:var(--h2_typography-font-weight);--awb-caption-title-font-style:var(--h2_typography-font-style);--awb-caption-title-size:var(--h2_typography-font-size);--awb-caption-title-transform:var(--h2_typography-text-transform);--awb-caption-title-line-height:var(--h2_typography-line-height);--awb-caption-title-letter-spacing:var(--h2_typography-letter-spacing);\"><div class=\"imageframe-align-center\"><span class=\" fusion-imageframe imageframe-none imageframe-1 hover-type-none\"><a class=\"fusion-no-lightbox\" href=\"https:\/\/www.pflegestufe.com\/pflege\/bundesweites-pflegetelefon\/\" target=\"_blank\" aria-label=\"Pflegeberaterin-Telefon1\" rel=\"noopener noreferrer\"><img decoding=\"async\" width=\"207\" height=\"300\" alt=\"Freundliche Pflegeberaterin am bundesweiten Pflegetelefon\" src=\"https:\/\/www.pflegestufe.com\/pflege\/wp-content\/uploads\/2015\/03\/pflegeberaterin_telefon1-207x300.jpg\" class=\"img-responsive wp-image-1106\" srcset=\"https:\/\/www.pflegestufe.com\/pflege\/wp-content\/uploads\/2015\/03\/pflegeberaterin_telefon1-207x300.jpg 207w, https:\/\/www.pflegestufe.com\/pflege\/wp-content\/uploads\/2015\/03\/pflegeberaterin_telefon1-706x1024.jpg 706w, https:\/\/www.pflegestufe.com\/pflege\/wp-content\/uploads\/2015\/03\/pflegeberaterin_telefon1.jpg 800w\" sizes=\"(max-width: 207px) 100vw, 207px\" \/><\/a><\/span><\/div><\/div>\n<p>Kein Beitrag im Internet ersetzt eine professionelle und unabh\u00e4ngige Pflegeberatung.<\/p>\n<p>Unsere unabh\u00e4ngigen Experten erreichen Sie kostenlos unter<\/p>\n<p style=\"text-align: center;\">0800\/6116111 (geb\u00fchrenfrei).<\/p>\n<p>Sie erhalten umgehend kostenlose Hilfe und wertvolle Tipps.<\/div><\/div><\/div><\/div><div class=\"fusion-clearfix\"><\/div><\/div><\/div><\/div><\/div><\/p>\n","protected":false},"excerpt":{"rendered":"","protected":false},"author":1,"featured_media":0,"parent":0,"menu_order":0,"comment_status":"open","ping_status":"open","template":"","meta":{"footnotes":""},"class_list":["post-1105","page","type-page","status-publish","hentry"],"_links":{"self":[{"href":"https:\/\/www.pflegestufe.com\/pflege\/wp-json\/wp\/v2\/pages\/1105","targetHints":{"allow":["GET"]}}],"collection":[{"href":"https:\/\/www.pflegestufe.com\/pflege\/wp-json\/wp\/v2\/pages"}],"about":[{"href":"https:\/\/www.pflegestufe.com\/pflege\/wp-json\/wp\/v2\/types\/page"}],"author":[{"embeddable":true,"href":"https:\/\/www.pflegestufe.com\/pflege\/wp-json\/wp\/v2\/users\/1"}],"replies":[{"embeddable":true,"href":"https:\/\/www.pflegestufe.com\/pflege\/wp-json\/wp\/v2\/comments?post=1105"}],"version-history":[{"count":6,"href":"https:\/\/www.pflegestufe.com\/pflege\/wp-json\/wp\/v2\/pages\/1105\/revisions"}],"predecessor-version":[{"id":1263,"href":"https:\/\/www.pflegestufe.com\/pflege\/wp-json\/wp\/v2\/pages\/1105\/revisions\/1263"}],"wp:attachment":[{"href":"https:\/\/www.pflegestufe.com\/pflege\/wp-json\/wp\/v2\/media?parent=1105"}],"curies":[{"name":"wp","href":"https:\/\/api.w.org\/{rel}","templated":true}]}}